{"id":5643,"date":"2020-11-16T11:34:43","date_gmt":"2020-11-16T09:34:43","guid":{"rendered":"http:\/\/web100.mis63.de\/www.schrottwalter.it\/it\/impressum\/"},"modified":"2022-12-09T13:03:07","modified_gmt":"2022-12-09T11:03:07","slug":"colophon","status":"publish","type":"page","link":"https:\/\/www.schrottwalter.it\/it\/colophon\/","title":{"rendered":"Colophon &#038; Privacy"},"content":{"rendered":"<div id='full_slider_1'  class='avia-fullwidth-slider main_color avia-shadow   avia-builder-el-0  el_before_av_one_full  avia-builder-el-first   container_wrap fullsize'  ><div  class='avia-slideshow av-ixe323-ea4c743ae1b24010543d82ac9b48edd6 avia-slideshow-featured av_slideshow_full avia-fade-slider av-slideshow-ui av-control-minimal av-slideshow-autoplay av-loop-endless av-loop-manual-endless av-default-height-applied   avia-slideshow-1' data-slideshow-options=\"{&quot;animation&quot;:&quot;fade&quot;,&quot;autoplay&quot;:true,&quot;loop_autoplay&quot;:&quot;endless&quot;,&quot;interval&quot;:5,&quot;loop_manual&quot;:&quot;manual-endless&quot;,&quot;autoplay_stopper&quot;:false,&quot;noNavigation&quot;:false,&quot;bg_slider&quot;:false,&quot;keep_padding&quot;:false,&quot;hoverpause&quot;:false,&quot;show_slide_delay&quot;:0}\"  itemprop=\"image\" itemscope=\"itemscope\" itemtype=\"https:\/\/schema.org\/ImageObject\" ><ul class='avia-slideshow-inner ' style='padding-bottom: 28.666666666667%;'><li  class='avia-slideshow-slide av-ixe323-ea4c743ae1b24010543d82ac9b48edd6__0  av-single-slide slide-1 slide-odd'><div data-rel='slideshow-1' class='avia-slide-wrap '   ><img decoding=\"async\" fetchpriority=\"high\" class=\"wp-image-3857 avia-img-lazy-loading-not-3857\"  src=\"https:\/\/www.schrottwalter.it\/wp-content\/uploads\/2015\/01\/kristall-leuchter.jpg\" width=\"1500\" height=\"430\" title='kristall-leuchter' alt=''  itemprop=\"thumbnailUrl\" srcset=\"https:\/\/www.schrottwalter.it\/wp-content\/uploads\/2015\/01\/kristall-leuchter.jpg 1500w, https:\/\/www.schrottwalter.it\/wp-content\/uploads\/2015\/01\/kristall-leuchter-800x229.jpg 800w, https:\/\/www.schrottwalter.it\/wp-content\/uploads\/2015\/01\/kristall-leuchter-705x202.jpg 705w, https:\/\/www.schrottwalter.it\/wp-content\/uploads\/2015\/01\/kristall-leuchter-450x129.jpg 450w\" sizes=\"(max-width: 1500px) 100vw, 1500px\" \/><\/div><\/li><\/ul><\/div><\/div><div id='after_full_slider_1'  class='main_color av_default_container_wrap container_wrap fullsize'  ><div class='container av-section-cont-open' ><div class='template-page content  av-content-full alpha units'><div class='post-entry post-entry-type-page post-entry-5643'><div class='entry-content-wrapper clearfix'>\n<div  class='flex_column av-1lzye3-25c7891adf53a9063f68a89a5e432c99 av_one_full  avia-builder-el-1  el_after_av_slideshow_full  el_before_av_one_half  avia-builder-el-first  first flex_column_div  '     ><style type=\"text\/css\" data-created_by=\"avia_inline_auto\" id=\"style-css-av-jhqcv07i-947b7b2aa957bc6d427ca28992f5a2f1\">\n#top .av-special-heading.av-jhqcv07i-947b7b2aa957bc6d427ca28992f5a2f1{\npadding-bottom:10px;\nfont-size:40px;\n}\nbody .av-special-heading.av-jhqcv07i-947b7b2aa957bc6d427ca28992f5a2f1 .av-special-heading-tag .heading-char{\nfont-size:25px;\n}\n#top #wrap_all .av-special-heading.av-jhqcv07i-947b7b2aa957bc6d427ca28992f5a2f1 .av-special-heading-tag{\nfont-size:40px;\n}\n.av-special-heading.av-jhqcv07i-947b7b2aa957bc6d427ca28992f5a2f1 .av-subheading{\nfont-size:15px;\n}\n\n@media only screen and (min-width: 480px) and (max-width: 767px){ \n#top #wrap_all .av-special-heading.av-jhqcv07i-947b7b2aa957bc6d427ca28992f5a2f1 .av-special-heading-tag{\nfont-size:0.8em;\n}\n}\n\n@media only screen and (max-width: 479px){ \n#top #wrap_all .av-special-heading.av-jhqcv07i-947b7b2aa957bc6d427ca28992f5a2f1 .av-special-heading-tag{\nfont-size:0.8em;\n}\n}\n<\/style>\n<div  class='av-special-heading av-jhqcv07i-947b7b2aa957bc6d427ca28992f5a2f1 av-special-heading-h1 blockquote modern-quote  avia-builder-el-2  avia-builder-el-no-sibling  av-inherit-size'><h1 class='av-special-heading-tag '  itemprop=\"headline\"  >Colophon<\/h1><div class=\"special-heading-border\"><div class=\"special-heading-inner-border\"><\/div><\/div><\/div><\/div>\n<style type=\"text\/css\" data-created_by=\"avia_inline_auto\" id=\"style-css-av-eiuzt7-ae1637b3bf944ee908bf1c91e98bbfc2\">\n.flex_column.av-eiuzt7-ae1637b3bf944ee908bf1c91e98bbfc2{\nborder-radius:0px 0px 0px 0px;\npadding:0px 0px 0px 0px;\n}\n<\/style>\n<div  class='flex_column av-eiuzt7-ae1637b3bf944ee908bf1c91e98bbfc2 av_one_half  avia-builder-el-3  el_after_av_one_full  el_before_av_one_half  first flex_column_div av-zero-column-padding  column-top-margin'     ><p>\n<style type=\"text\/css\" data-created_by=\"avia_inline_auto\" id=\"style-css-av-d6k3i3-efc47586082f41ac78ea3bf34b75e30b\">\n#top .av-special-heading.av-d6k3i3-efc47586082f41ac78ea3bf34b75e30b{\npadding-bottom:10px;\n}\nbody .av-special-heading.av-d6k3i3-efc47586082f41ac78ea3bf34b75e30b .av-special-heading-tag .heading-char{\nfont-size:25px;\n}\n.av-special-heading.av-d6k3i3-efc47586082f41ac78ea3bf34b75e30b .av-subheading{\nfont-size:15px;\n}\n<\/style>\n<div  class='av-special-heading av-d6k3i3-efc47586082f41ac78ea3bf34b75e30b av-special-heading-h3  avia-builder-el-4  el_before_av_textblock  avia-builder-el-first '><h3 class='av-special-heading-tag '  itemprop=\"headline\"  >Responsabile del contenuto:<\/h3><div class=\"special-heading-border\"><div class=\"special-heading-inner-border\"><\/div><\/div><\/div><br \/>\n<section  class='av_textblock_section av-atveez-8da88a027a7040eb72dd6c18bae0b185 '   itemscope=\"itemscope\" itemtype=\"https:\/\/schema.org\/CreativeWork\" ><div class='avia_textblock'  itemprop=\"text\" ><p><strong>Arredamento interni Schrott SAS<\/strong><\/p>\n<p>I-39012 Merano<br \/>\nvia Cavour, 88<br \/>\nTel. 0473 23 66 48<br \/>\nFax 0473 23 66 48<br \/>\nG\u00fcnther Schrott cell. 328 9873031<br \/>\nWalter Schrott cell. 348 2601342<\/p>\n<p>p. iva\/reg.: 01191690211<\/p>\n<p><a href=\"mailto:info@schrottwalter.it\">info@schrottwalter.it<\/a><br \/>\n<a href=\"https:\/\/www.schrottwalter.it\/it\/\">www.schrottwalter.it<\/a><\/p>\n<\/div><\/section><\/p><\/div><\/p>\n\n<style type=\"text\/css\" data-created_by=\"avia_inline_auto\" id=\"style-css-av-x3e5n-5bb0b74aa900f1a9f94f59310acb7341\">\n.flex_column.av-x3e5n-5bb0b74aa900f1a9f94f59310acb7341{\nborder-radius:0px 0px 0px 0px;\npadding:0px 0px 0px 0px;\n}\n<\/style>\n<div  class='flex_column av-x3e5n-5bb0b74aa900f1a9f94f59310acb7341 av_one_half  avia-builder-el-6  el_after_av_one_half  el_before_av_hr  flex_column_div av-zero-column-padding  column-top-margin'     ><p>\n<style type=\"text\/css\" data-created_by=\"avia_inline_auto\" id=\"style-css-av-6x43kr-c89bf5df02b0830584c9df4d11dfc637\">\n#top .av-special-heading.av-6x43kr-c89bf5df02b0830584c9df4d11dfc637{\npadding-bottom:10px;\n}\nbody .av-special-heading.av-6x43kr-c89bf5df02b0830584c9df4d11dfc637 .av-special-heading-tag .heading-char{\nfont-size:25px;\n}\n.av-special-heading.av-6x43kr-c89bf5df02b0830584c9df4d11dfc637 .av-subheading{\nfont-size:15px;\n}\n<\/style>\n<div  class='av-special-heading av-6x43kr-c89bf5df02b0830584c9df4d11dfc637 av-special-heading-h3  avia-builder-el-7  el_before_av_textblock  avia-builder-el-first '><h3 class='av-special-heading-tag '  itemprop=\"headline\"  >Concetto <span class='special_amp'>&amp;<\/span> Grafica:<\/h3><div class=\"special-heading-border\"><div class=\"special-heading-inner-border\"><\/div><\/div><\/div><br \/>\n<section  class='av_textblock_section av-63bcqz-b5f8e79d980c0e05fe84ec39ac5592d9 '   itemscope=\"itemscope\" itemtype=\"https:\/\/schema.org\/CreativeWork\" ><div class='avia_textblock'  itemprop=\"text\" ><p><strong>andale \u2013 agenzia grafica creAttiva<br \/>\n<\/strong><\/p>\n<p>Andreas Ortner &amp; Peter Duschek<br \/>\nI-39012 Merano (BZ) \u2013 Vicolo Passiria 2\/a<br \/>\nTel. +39 0473 690 989 \u2013 Mobil +39 392 5567093<br \/>\n<a href=\"mailto:office@andale.info\">office@andale.info<\/a><br \/>\n<a href=\"http:\/\/andale.info\" target=\"_blank\" rel=\"noopener\">www.andale.info<\/a><\/p>\n<\/div><\/section><\/p><\/div>\n<div  class='hr av-419giz-47ab85a7f3bdbdb8539b3dc8c1ae58f9 hr-short  avia-builder-el-9  el_after_av_one_half  el_before_av_textblock  hr-center'><span class='hr-inner '><span class=\"hr-inner-style\"><\/span><\/span><\/div>\n<section  class='av_textblock_section av-2ruii3-25fb84a86221ce6312c5536e5fa64502 '   itemscope=\"itemscope\" itemtype=\"https:\/\/schema.org\/CreativeWork\" ><div class='avia_textblock'  itemprop=\"text\" ><p><strong>Privacy:<\/strong><br \/>\nNoi ci impegniamo a rispettare la tua privacy e trattiamo i tuoi dati unicamente sulla base del quadro normativo vigente, vale a dire, il regolamento UE n. 679\/2016. Prendiamo le distanze da ogni pratica pubblicitaria che comporti spamming e cerchiamo di evitare l\u2019invio involontario o inutile di email.<\/p>\n<p><strong>Copyright:<\/strong><br \/>\nI diritti d\u2019autore dei contenuti del sito web della Schrott SAS. sono protetti. Tutti gli elementi dell\u2019interfaccia grafica e le immagini che non siano gi\u00e0 protette dal diritto d\u2019autore \u2013 \u00e8 di propriet\u00e0 e copyright di Schrott SAS. La riproduzione di informazioni, soprattutto l\u2019utilizzo di immagini o testi abbisogna della previa autorizzazione della Schrott SAS.<\/p>\n<p><strong>Esclusione di responsabilit\u00e0:<\/strong><br \/>\nLa Schrott SAS. \u00e8 impegnata a provvedere alla correttezza delle informazioni contenute nel presente sito web. Comunque non si garantisce per l\u2019attualit\u00e0, correttezza e completezza per le informazioni rese a disposizione. Inoltre, la Schrott SAS. non \u00e8 responsabile per il contenuto dei siti esterni connesse tramite hyperlink. La Schrott SAS. si riserva il diritto di cambiare o completare le informazioni rese a disposizione senza preavviso.<\/p>\n<p><strong>Modifiche dell\u2019offerta internet:<\/strong><br \/>\n\u00c8 facolt\u00e0 della ditta Schrott SAS. modificare o dichiarare nulla, di tanto in tanto, l\u2019offerta internet, senza obbligo di comunicazione o di motivazione. \u00c8 altres\u00ec suo diritto revocare l\u2019offerta senza fornire motivazioni e senza possibilit\u00e0 di rivalsa nei suoi confronti.<\/p>\n<p><strong>Fonte immagini:<\/strong><br \/>\n\u00a9 Relax-Besstsysteme Austria, \u00a9 Christian Fischbacher Switzerland, \u00a9 JAB Anstoetz Group Germany, \u00a9 Clarissa Wohnaccessoires Germany, \u00a9 Fa. Boen Parkett, \u00a9 Fa. Woodco B\u00f6den, \u00a9 2mmedia \u2013 Fotolia.com, \u00a9 Gunnar Assmy \u2013 Fotolia.com, \u00a9 epiCAD \u2013 Fotolia.com, \u00a9 Andreas Mueller \u2013 Fotolia.com, \u00a9 F.Schmidt \u2013 Fotolia.com, \u00a9 virtua73 \u2013 Fotolia.com, \u00a9 WestPic \u2013 Fotolia.com, \u00a9 HappyAlex \u2013 Fotolia.com, \u00a9 J\u00e9r\u00f4me Romm\u00e9 \u2013 Fotolia.com, \u00a9 adpePhoto \u2013 Fotolia.com, \u00a9 mtlapcevic \u2013 Fotolia.com, tutte le immagini che seguono sono state messe a disposizione dalle varie ditte.<\/p>\n<\/div><\/section>\n","protected":false},"excerpt":{"rendered":"","protected":false},"author":3725,"featured_media":5577,"parent":0,"menu_order":3,"comment_status":"closed","ping_status":"closed","template":"","meta":{"footnotes":""},"class_list":["post-5643","page","type-page","status-publish","has-post-thumbnail","hentry"],"yoast_head":"<!-- This site is optimized with the Yoast SEO plugin v27.5 - https:\/\/yoast.com\/product\/yoast-seo-wordpress\/ -->\n<title>Schrott SAS - Colophon &amp; Privacy<\/title>\n<meta name=\"description\" content=\"Colophon &amp; Privacy: Arredamento interni Schrott SAS - I-39012 Merano - via Cavour, 88 - Tel. 0473 23 66 48 - info@schrottwalter.it\" \/>\n<meta name=\"robots\" content=\"index, follow, max-snippet:-1, max-image-preview:large, max-video-preview:-1\" \/>\n<link rel=\"canonical\" href=\"https:\/\/www.schrottwalter.it\/it\/colophon\/\" \/>\n<meta property=\"og:locale\" content=\"it_IT\" \/>\n<meta property=\"og:type\" content=\"article\" \/>\n<meta property=\"og:title\" content=\"Schrott SAS - Colophon &amp; Privacy\" \/>\n<meta property=\"og:description\" content=\"Colophon &amp; Privacy: Arredamento interni Schrott SAS - I-39012 Merano - via Cavour, 88 - Tel. 0473 23 66 48 - info@schrottwalter.it\" \/>\n<meta property=\"og:url\" content=\"https:\/\/www.schrottwalter.it\/it\/colophon\/\" \/>\n<meta property=\"og:site_name\" content=\"Schrott SAS - Arredamento interni a Merano (BZ) \/ Alto Adige \/ Italia\" \/>\n<meta property=\"article:publisher\" content=\"https:\/\/www.facebook.com\/schrott.walter.raumausstatter.meran\" \/>\n<meta property=\"article:modified_time\" content=\"2022-12-09T11:03:07+00:00\" \/>\n<meta property=\"og:image\" content=\"https:\/\/www.schrottwalter.it\/wp-content\/uploads\/2016\/01\/schrott-walter-gunther-impressum.jpg\" \/>\n\t<meta property=\"og:image:width\" content=\"1030\" \/>\n\t<meta property=\"og:image:height\" content=\"687\" \/>\n\t<meta property=\"og:image:type\" content=\"image\/jpeg\" \/>\n<meta name=\"twitter:label1\" content=\"Tempo di lettura stimato\" \/>\n\t<meta name=\"twitter:data1\" content=\"4 minuti\" \/>\n<script type=\"application\/ld+json\" class=\"yoast-schema-graph\">{\"@context\":\"https:\\\/\\\/schema.org\",\"@graph\":[{\"@type\":\"WebPage\",\"@id\":\"https:\\\/\\\/www.schrottwalter.it\\\/it\\\/colophon\\\/\",\"url\":\"https:\\\/\\\/www.schrottwalter.it\\\/it\\\/colophon\\\/\",\"name\":\"Schrott SAS - Colophon & Privacy\",\"isPartOf\":{\"@id\":\"https:\\\/\\\/www.schrottwalter.it\\\/it\\\/#website\"},\"primaryImageOfPage\":{\"@id\":\"https:\\\/\\\/www.schrottwalter.it\\\/it\\\/colophon\\\/#primaryimage\"},\"image\":{\"@id\":\"https:\\\/\\\/www.schrottwalter.it\\\/it\\\/colophon\\\/#primaryimage\"},\"thumbnailUrl\":\"https:\\\/\\\/www.schrottwalter.it\\\/wp-content\\\/uploads\\\/2016\\\/01\\\/schrott-walter-gunther-impressum.jpg\",\"datePublished\":\"2020-11-16T09:34:43+00:00\",\"dateModified\":\"2022-12-09T11:03:07+00:00\",\"description\":\"Colophon & Privacy: Arredamento interni Schrott SAS - I-39012 Merano - via Cavour, 88 - Tel. 0473 23 66 48 - info@schrottwalter.it\",\"breadcrumb\":{\"@id\":\"https:\\\/\\\/www.schrottwalter.it\\\/it\\\/colophon\\\/#breadcrumb\"},\"inLanguage\":\"it-IT\",\"potentialAction\":[{\"@type\":\"ReadAction\",\"target\":[\"https:\\\/\\\/www.schrottwalter.it\\\/it\\\/colophon\\\/\"]}]},{\"@type\":\"ImageObject\",\"inLanguage\":\"it-IT\",\"@id\":\"https:\\\/\\\/www.schrottwalter.it\\\/it\\\/colophon\\\/#primaryimage\",\"url\":\"https:\\\/\\\/www.schrottwalter.it\\\/wp-content\\\/uploads\\\/2016\\\/01\\\/schrott-walter-gunther-impressum.jpg\",\"contentUrl\":\"https:\\\/\\\/www.schrottwalter.it\\\/wp-content\\\/uploads\\\/2016\\\/01\\\/schrott-walter-gunther-impressum.jpg\",\"width\":1030,\"height\":687,\"caption\":\"schrott walter colophon\"},{\"@type\":\"BreadcrumbList\",\"@id\":\"https:\\\/\\\/www.schrottwalter.it\\\/it\\\/colophon\\\/#breadcrumb\",\"itemListElement\":[{\"@type\":\"ListItem\",\"position\":1,\"name\":\"Home\",\"item\":\"https:\\\/\\\/www.schrottwalter.it\\\/it\\\/arredamento-interni-merano-materassi-tende-da-sole\\\/\"},{\"@type\":\"ListItem\",\"position\":2,\"name\":\"Colophon &#038; Privacy\"}]},{\"@type\":\"WebSite\",\"@id\":\"https:\\\/\\\/www.schrottwalter.it\\\/it\\\/#website\",\"url\":\"https:\\\/\\\/www.schrottwalter.it\\\/it\\\/\",\"name\":\"Schrott SAS - Arredamento interni a Merano (BZ) \\\/ Alto Adige \\\/ Italia\",\"description\":\"Il Vostro arredatore d\u2019interni a Merano\",\"publisher\":{\"@id\":\"https:\\\/\\\/www.schrottwalter.it\\\/it\\\/#organization\"},\"potentialAction\":[{\"@type\":\"SearchAction\",\"target\":{\"@type\":\"EntryPoint\",\"urlTemplate\":\"https:\\\/\\\/www.schrottwalter.it\\\/it\\\/?s={search_term_string}\"},\"query-input\":{\"@type\":\"PropertyValueSpecification\",\"valueRequired\":true,\"valueName\":\"search_term_string\"}}],\"inLanguage\":\"it-IT\"},{\"@type\":\"Organization\",\"@id\":\"https:\\\/\\\/www.schrottwalter.it\\\/it\\\/#organization\",\"name\":\"Schrott KG\",\"url\":\"https:\\\/\\\/www.schrottwalter.it\\\/it\\\/\",\"logo\":{\"@type\":\"ImageObject\",\"inLanguage\":\"it-IT\",\"@id\":\"https:\\\/\\\/www.schrottwalter.it\\\/it\\\/#\\\/schema\\\/logo\\\/image\\\/\",\"url\":\"https:\\\/\\\/www.schrottwalter.it\\\/wp-content\\\/uploads\\\/2016\\\/01\\\/schrottwalter-raumausstattung-ideediarredamento1.png\",\"contentUrl\":\"https:\\\/\\\/www.schrottwalter.it\\\/wp-content\\\/uploads\\\/2016\\\/01\\\/schrottwalter-raumausstattung-ideediarredamento1.png\",\"width\":385,\"height\":80,\"caption\":\"Schrott KG\"},\"image\":{\"@id\":\"https:\\\/\\\/www.schrottwalter.it\\\/it\\\/#\\\/schema\\\/logo\\\/image\\\/\"},\"sameAs\":[\"https:\\\/\\\/www.facebook.com\\\/schrott.walter.raumausstatter.meran\"]}]}<\/script>\n<!-- \/ Yoast SEO plugin. -->","yoast_head_json":{"title":"Schrott SAS - Colophon & Privacy","description":"Colophon & Privacy: Arredamento interni Schrott SAS - I-39012 Merano - via Cavour, 88 - Tel. 0473 23 66 48 - info@schrottwalter.it","robots":{"index":"index","follow":"follow","max-snippet":"max-snippet:-1","max-image-preview":"max-image-preview:large","max-video-preview":"max-video-preview:-1"},"canonical":"https:\/\/www.schrottwalter.it\/it\/colophon\/","og_locale":"it_IT","og_type":"article","og_title":"Schrott SAS - Colophon & Privacy","og_description":"Colophon & Privacy: Arredamento interni Schrott SAS - I-39012 Merano - via Cavour, 88 - Tel. 0473 23 66 48 - info@schrottwalter.it","og_url":"https:\/\/www.schrottwalter.it\/it\/colophon\/","og_site_name":"Schrott SAS - Arredamento interni a Merano (BZ) \/ Alto Adige \/ Italia","article_publisher":"https:\/\/www.facebook.com\/schrott.walter.raumausstatter.meran","article_modified_time":"2022-12-09T11:03:07+00:00","og_image":[{"width":1030,"height":687,"url":"https:\/\/www.schrottwalter.it\/wp-content\/uploads\/2016\/01\/schrott-walter-gunther-impressum.jpg","type":"image\/jpeg"}],"twitter_misc":{"Tempo di lettura stimato":"4 minuti"},"schema":{"@context":"https:\/\/schema.org","@graph":[{"@type":"WebPage","@id":"https:\/\/www.schrottwalter.it\/it\/colophon\/","url":"https:\/\/www.schrottwalter.it\/it\/colophon\/","name":"Schrott SAS - Colophon & Privacy","isPartOf":{"@id":"https:\/\/www.schrottwalter.it\/it\/#website"},"primaryImageOfPage":{"@id":"https:\/\/www.schrottwalter.it\/it\/colophon\/#primaryimage"},"image":{"@id":"https:\/\/www.schrottwalter.it\/it\/colophon\/#primaryimage"},"thumbnailUrl":"https:\/\/www.schrottwalter.it\/wp-content\/uploads\/2016\/01\/schrott-walter-gunther-impressum.jpg","datePublished":"2020-11-16T09:34:43+00:00","dateModified":"2022-12-09T11:03:07+00:00","description":"Colophon & Privacy: Arredamento interni Schrott SAS - I-39012 Merano - via Cavour, 88 - Tel. 0473 23 66 48 - info@schrottwalter.it","breadcrumb":{"@id":"https:\/\/www.schrottwalter.it\/it\/colophon\/#breadcrumb"},"inLanguage":"it-IT","potentialAction":[{"@type":"ReadAction","target":["https:\/\/www.schrottwalter.it\/it\/colophon\/"]}]},{"@type":"ImageObject","inLanguage":"it-IT","@id":"https:\/\/www.schrottwalter.it\/it\/colophon\/#primaryimage","url":"https:\/\/www.schrottwalter.it\/wp-content\/uploads\/2016\/01\/schrott-walter-gunther-impressum.jpg","contentUrl":"https:\/\/www.schrottwalter.it\/wp-content\/uploads\/2016\/01\/schrott-walter-gunther-impressum.jpg","width":1030,"height":687,"caption":"schrott walter colophon"},{"@type":"BreadcrumbList","@id":"https:\/\/www.schrottwalter.it\/it\/colophon\/#breadcrumb","itemListElement":[{"@type":"ListItem","position":1,"name":"Home","item":"https:\/\/www.schrottwalter.it\/it\/arredamento-interni-merano-materassi-tende-da-sole\/"},{"@type":"ListItem","position":2,"name":"Colophon &#038; Privacy"}]},{"@type":"WebSite","@id":"https:\/\/www.schrottwalter.it\/it\/#website","url":"https:\/\/www.schrottwalter.it\/it\/","name":"Schrott SAS - Arredamento interni a Merano (BZ) \/ Alto Adige \/ Italia","description":"Il Vostro arredatore d\u2019interni a Merano","publisher":{"@id":"https:\/\/www.schrottwalter.it\/it\/#organization"},"potentialAction":[{"@type":"SearchAction","target":{"@type":"EntryPoint","urlTemplate":"https:\/\/www.schrottwalter.it\/it\/?s={search_term_string}"},"query-input":{"@type":"PropertyValueSpecification","valueRequired":true,"valueName":"search_term_string"}}],"inLanguage":"it-IT"},{"@type":"Organization","@id":"https:\/\/www.schrottwalter.it\/it\/#organization","name":"Schrott KG","url":"https:\/\/www.schrottwalter.it\/it\/","logo":{"@type":"ImageObject","inLanguage":"it-IT","@id":"https:\/\/www.schrottwalter.it\/it\/#\/schema\/logo\/image\/","url":"https:\/\/www.schrottwalter.it\/wp-content\/uploads\/2016\/01\/schrottwalter-raumausstattung-ideediarredamento1.png","contentUrl":"https:\/\/www.schrottwalter.it\/wp-content\/uploads\/2016\/01\/schrottwalter-raumausstattung-ideediarredamento1.png","width":385,"height":80,"caption":"Schrott KG"},"image":{"@id":"https:\/\/www.schrottwalter.it\/it\/#\/schema\/logo\/image\/"},"sameAs":["https:\/\/www.facebook.com\/schrott.walter.raumausstatter.meran"]}]}},"_links":{"self":[{"href":"https:\/\/www.schrottwalter.it\/it\/wp-json\/wp\/v2\/pages\/5643","targetHints":{"allow":["GET"]}}],"collection":[{"href":"https:\/\/www.schrottwalter.it\/it\/wp-json\/wp\/v2\/pages"}],"about":[{"href":"https:\/\/www.schrottwalter.it\/it\/wp-json\/wp\/v2\/types\/page"}],"author":[{"embeddable":true,"href":"https:\/\/www.schrottwalter.it\/it\/wp-json\/wp\/v2\/users\/3725"}],"replies":[{"embeddable":true,"href":"https:\/\/www.schrottwalter.it\/it\/wp-json\/wp\/v2\/comments?post=5643"}],"version-history":[{"count":0,"href":"https:\/\/www.schrottwalter.it\/it\/wp-json\/wp\/v2\/pages\/5643\/revisions"}],"wp:featuredmedia":[{"embeddable":true,"href":"https:\/\/www.schrottwalter.it\/it\/wp-json\/wp\/v2\/media\/5577"}],"wp:attachment":[{"href":"https:\/\/www.schrottwalter.it\/it\/wp-json\/wp\/v2\/media?parent=5643"}],"curies":[{"name":"wp","href":"https:\/\/api.w.org\/{rel}","templated":true}]}}